{"id":16918,"date":"2026-01-11T14:09:02","date_gmt":"2026-01-11T13:09:02","guid":{"rendered":"https:\/\/welterbewestwerkcorvey.de\/wp-content\/uploads\/P1660111.jpg"},"modified":"2026-01-11T14:09:02","modified_gmt":"2026-01-11T13:09:02","slug":"corvey-kuesterwechsel-2","status":"inherit","type":"attachment","link":"https:\/\/welterbewestwerkcorvey.de\/fr\/corvey-kuesterwechsel-2\/","title":{"rendered":"Corvey K\u00fcsterwechsel"},"author":4,"featured_media":0,"comment_status":"","ping_status":"closed","template":"","meta":[],"class_list":["post-16918","attachment","type-attachment","status-inherit"],"yoast_head":"<!-- This site is optimized with the Yoast SEO plugin v27.5 - https:\/\/yoast.com\/product\/yoast-seo-wordpress\/ -->\n<title>Corvey K\u00fcsterwechsel - Welterbe Westwerk Corvey<\/title>\n<meta name=\"robots\" content=\"index, follow, max-snippet:-1, max-image-preview:large, max-video-preview:-1\" \/>\n<link rel=\"canonical\" href=\"https:\/\/welterbewestwerkcorvey.de\/fr\/corvey-kuesterwechsel-2\/\" \/>\n<meta property=\"og:locale\" content=\"fr_FR\" \/>\n<meta property=\"og:type\" content=\"article\" \/>\n<meta property=\"og:title\" content=\"Corvey K\u00fcsterwechsel - Welterbe Westwerk Corvey\" \/>\n<meta property=\"og:description\" content=\"K\u00fcsterwechsel im Welterbe Corvey: Pfarrdechant Dr. Hans-Bernd Krismanek (von links), Nadine Fellmann, Matthias K\u00e4mpfer, Leonard Weskamp (alle Kirchenvorstand), Anne Quest, Johannes und Helga Gritzo, Marcus Beverungen (hinten, Verwaltungsleiter des Pastoralverbunds Corvey), Nicole Raabe (Gesamtpfarrgemeinderat), Rudolf Zimmermann (K\u00fcsterkollege), Georg Pietsch (Kirchenvorstand) und Josef Kowalski (ehemaliger gesch\u00e4ftsf\u00fchrender Vorsitzender des Kirchenvorstands).\" \/>\n<meta property=\"og:url\" content=\"https:\/\/welterbewestwerkcorvey.de\/fr\/corvey-kuesterwechsel-2\/\" \/>\n<meta property=\"og:site_name\" content=\"Welterbe Westwerk Corvey\" \/>\n<meta property=\"og:image\" content=\"https:\/\/welterbewestwerkcorvey.de\/wp-content\/uploads\/P1660111-scaled.jpg\" \/>\n\t<meta property=\"og:image:width\" content=\"2560\" \/>\n\t<meta property=\"og:image:height\" content=\"1808\" \/>\n\t<meta property=\"og:image:type\" content=\"image\/jpeg\" \/>\n<meta name=\"twitter:card\" content=\"summary_large_image\" \/>\n<script type=\"application\/ld+json\" class=\"yoast-schema-graph\">{\"@context\":\"https:\\\/\\\/schema.org\",\"@graph\":[{\"@type\":\"WebPage\",\"@id\":\"https:\\\/\\\/welterbewestwerkcorvey.de\\\/fr\\\/corvey-kuesterwechsel-2\\\/\",\"url\":\"https:\\\/\\\/welterbewestwerkcorvey.de\\\/fr\\\/corvey-kuesterwechsel-2\\\/\",\"name\":\"Corvey K\u00fcsterwechsel - Welterbe Westwerk Corvey\",\"isPartOf\":{\"@id\":\"https:\\\/\\\/welterbewestwerkcorvey.de\\\/fr\\\/#website\"},\"datePublished\":\"2026-01-11T13:09:02+00:00\",\"breadcrumb\":{\"@id\":\"https:\\\/\\\/welterbewestwerkcorvey.de\\\/fr\\\/corvey-kuesterwechsel-2\\\/#breadcrumb\"},\"inLanguage\":\"fr-FR\",\"potentialAction\":[{\"@type\":\"ReadAction\",\"target\":[\"https:\\\/\\\/welterbewestwerkcorvey.de\\\/fr\\\/corvey-kuesterwechsel-2\\\/\"]}]},{\"@type\":\"BreadcrumbList\",\"@id\":\"https:\\\/\\\/welterbewestwerkcorvey.de\\\/fr\\\/corvey-kuesterwechsel-2\\\/#breadcrumb\",\"itemListElement\":[{\"@type\":\"ListItem\",\"position\":1,\"name\":\"Startseite\",\"item\":\"https:\\\/\\\/welterbewestwerkcorvey.de\\\/fr\\\/\"},{\"@type\":\"ListItem\",\"position\":2,\"name\":\"Corvey K\u00fcsterwechsel\"}]},{\"@type\":\"WebSite\",\"@id\":\"https:\\\/\\\/welterbewestwerkcorvey.de\\\/fr\\\/#website\",\"url\":\"https:\\\/\\\/welterbewestwerkcorvey.de\\\/fr\\\/\",\"name\":\"Welterbe Westwerk Corvey\",\"description\":\"Weltgeschichte am Weserbogen\",\"publisher\":{\"@id\":\"https:\\\/\\\/welterbewestwerkcorvey.de\\\/fr\\\/#organization\"},\"potentialAction\":[{\"@type\":\"SearchAction\",\"target\":{\"@type\":\"EntryPoint\",\"urlTemplate\":\"https:\\\/\\\/welterbewestwerkcorvey.de\\\/fr\\\/?s={search_term_string}\"},\"query-input\":{\"@type\":\"PropertyValueSpecification\",\"valueRequired\":true,\"valueName\":\"search_term_string\"}}],\"inLanguage\":\"fr-FR\"},{\"@type\":\"Organization\",\"@id\":\"https:\\\/\\\/welterbewestwerkcorvey.de\\\/fr\\\/#organization\",\"name\":\"Pfarrverbund Corvey\",\"url\":\"https:\\\/\\\/welterbewestwerkcorvey.de\\\/fr\\\/\",\"logo\":{\"@type\":\"ImageObject\",\"inLanguage\":\"fr-FR\",\"@id\":\"https:\\\/\\\/welterbewestwerkcorvey.de\\\/fr\\\/#\\\/schema\\\/logo\\\/image\\\/\",\"url\":\"https:\\\/\\\/welterbewestwerkcorvey.de\\\/wp-content\\\/uploads\\\/signet-wwc-corvey-rgb-1.png\",\"contentUrl\":\"https:\\\/\\\/welterbewestwerkcorvey.de\\\/wp-content\\\/uploads\\\/signet-wwc-corvey-rgb-1.png\",\"width\":791,\"height\":1181,\"caption\":\"Pfarrverbund Corvey\"},\"image\":{\"@id\":\"https:\\\/\\\/welterbewestwerkcorvey.de\\\/fr\\\/#\\\/schema\\\/logo\\\/image\\\/\"}}]}<\/script>\n<!-- \/ Yoast SEO plugin. -->","yoast_head_json":{"title":"Corvey K\u00fcsterwechsel - Welterbe Westwerk Corvey","robots":{"index":"index","follow":"follow","max-snippet":"max-snippet:-1","max-image-preview":"max-image-preview:large","max-video-preview":"max-video-preview:-1"},"canonical":"https:\/\/welterbewestwerkcorvey.de\/fr\/corvey-kuesterwechsel-2\/","og_locale":"fr_FR","og_type":"article","og_title":"Corvey K\u00fcsterwechsel - Welterbe Westwerk Corvey","og_description":"K\u00fcsterwechsel im Welterbe Corvey: Pfarrdechant Dr. Hans-Bernd Krismanek (von links), Nadine Fellmann, Matthias K\u00e4mpfer, Leonard Weskamp (alle Kirchenvorstand), Anne Quest, Johannes und Helga Gritzo, Marcus Beverungen (hinten, Verwaltungsleiter des Pastoralverbunds Corvey), Nicole Raabe (Gesamtpfarrgemeinderat), Rudolf Zimmermann (K\u00fcsterkollege), Georg Pietsch (Kirchenvorstand) und Josef Kowalski (ehemaliger gesch\u00e4ftsf\u00fchrender Vorsitzender des Kirchenvorstands).","og_url":"https:\/\/welterbewestwerkcorvey.de\/fr\/corvey-kuesterwechsel-2\/","og_site_name":"Welterbe Westwerk Corvey","og_image":[{"width":2560,"height":1808,"url":"https:\/\/welterbewestwerkcorvey.de\/wp-content\/uploads\/P1660111-scaled.jpg","type":"image\/jpeg"}],"twitter_card":"summary_large_image","schema":{"@context":"https:\/\/schema.org","@graph":[{"@type":"WebPage","@id":"https:\/\/welterbewestwerkcorvey.de\/fr\/corvey-kuesterwechsel-2\/","url":"https:\/\/welterbewestwerkcorvey.de\/fr\/corvey-kuesterwechsel-2\/","name":"Corvey K\u00fcsterwechsel - Welterbe Westwerk Corvey","isPartOf":{"@id":"https:\/\/welterbewestwerkcorvey.de\/fr\/#website"},"datePublished":"2026-01-11T13:09:02+00:00","breadcrumb":{"@id":"https:\/\/welterbewestwerkcorvey.de\/fr\/corvey-kuesterwechsel-2\/#breadcrumb"},"inLanguage":"fr-FR","potentialAction":[{"@type":"ReadAction","target":["https:\/\/welterbewestwerkcorvey.de\/fr\/corvey-kuesterwechsel-2\/"]}]},{"@type":"BreadcrumbList","@id":"https:\/\/welterbewestwerkcorvey.de\/fr\/corvey-kuesterwechsel-2\/#breadcrumb","itemListElement":[{"@type":"ListItem","position":1,"name":"Startseite","item":"https:\/\/welterbewestwerkcorvey.de\/fr\/"},{"@type":"ListItem","position":2,"name":"Corvey K\u00fcsterwechsel"}]},{"@type":"WebSite","@id":"https:\/\/welterbewestwerkcorvey.de\/fr\/#website","url":"https:\/\/welterbewestwerkcorvey.de\/fr\/","name":"Welterbe Westwerk Corvey","description":"Weltgeschichte am Weserbogen","publisher":{"@id":"https:\/\/welterbewestwerkcorvey.de\/fr\/#organization"},"potentialAction":[{"@type":"SearchAction","target":{"@type":"EntryPoint","urlTemplate":"https:\/\/welterbewestwerkcorvey.de\/fr\/?s={search_term_string}"},"query-input":{"@type":"PropertyValueSpecification","valueRequired":true,"valueName":"search_term_string"}}],"inLanguage":"fr-FR"},{"@type":"Organization","@id":"https:\/\/welterbewestwerkcorvey.de\/fr\/#organization","name":"Pfarrverbund Corvey","url":"https:\/\/welterbewestwerkcorvey.de\/fr\/","logo":{"@type":"ImageObject","inLanguage":"fr-FR","@id":"https:\/\/welterbewestwerkcorvey.de\/fr\/#\/schema\/logo\/image\/","url":"https:\/\/welterbewestwerkcorvey.de\/wp-content\/uploads\/signet-wwc-corvey-rgb-1.png","contentUrl":"https:\/\/welterbewestwerkcorvey.de\/wp-content\/uploads\/signet-wwc-corvey-rgb-1.png","width":791,"height":1181,"caption":"Pfarrverbund Corvey"},"image":{"@id":"https:\/\/welterbewestwerkcorvey.de\/fr\/#\/schema\/logo\/image\/"}}]}},"smush":"Not processed","description":{"rendered":"<p class=\"attachment\"><a href=\"https:\/\/welterbewestwerkcorvey.de\/wp-content\/uploads\/P1660111-scaled.jpg\" rel=\"prettyPhoto[gallery-sg5J]\"><img loading=\"lazy\" decoding=\"async\" width=\"480\" height=\"339\" src=\"https:\/\/welterbewestwerkcorvey.de\/wp-content\/uploads\/P1660111-480x339.jpg\" class=\"attachment-medium size-medium\" alt=\"\" srcset=\"https:\/\/welterbewestwerkcorvey.de\/wp-content\/uploads\/P1660111-480x339.jpg 480w, https:\/\/welterbewestwerkcorvey.de\/wp-content\/uploads\/P1660111-1024x723.jpg 1024w, https:\/\/welterbewestwerkcorvey.de\/wp-content\/uploads\/P1660111-768x542.jpg 768w, https:\/\/welterbewestwerkcorvey.de\/wp-content\/uploads\/P1660111-1536x1085.jpg 1536w, https:\/\/welterbewestwerkcorvey.de\/wp-content\/uploads\/P1660111-2048x1446.jpg 2048w\" sizes=\"auto, (max-width: 480px) 100vw, 480px\" \/><\/a><\/p>\n"},"caption":{"rendered":"<p>K\u00fcsterwechsel im Welterbe Corvey: Pfarrdechant Dr. Hans-Bernd Krismanek (von links), Nadine Fellmann, Matthias K\u00e4mpfer, Leonard Weskamp (alle Kirchenvorstand), Anne Quest, Johannes und Helga Gritzo, Marcus Beverungen (hinten, Verwaltungsleiter des Pastoralverbunds Corvey), Nicole Raabe (Gesamtpfarrgemeinderat), Rudolf Zimmermann (K\u00fcsterkollege), Georg Pietsch (Kirchenvorstand) und Josef Kowalski (ehemaliger gesch\u00e4ftsf\u00fchrender Vorsitzender des Kirchenvorstands).<\/p>\n"},"alt_text":"","media_type":"image","mime_type":"image\/jpeg","media_details":{"width":2560,"height":1808,"file":"P1660111-scaled.jpg","filesize":593617,"sizes":{"medium":{"file":"P1660111-480x339.jpg","width":480,"height":339,"filesize":35241,"mime_type":"image\/jpeg","source_url":"https:\/\/welterbewestwerkcorvey.de\/wp-content\/uploads\/P1660111-480x339.jpg"},"large":{"file":"P1660111-1024x723.jpg","width":1024,"height":723,"filesize":119117,"mime_type":"image\/jpeg","source_url":"https:\/\/welterbewestwerkcorvey.de\/wp-content\/uploads\/P1660111-1024x723.jpg"},"thumbnail":{"file":"P1660111-240x240.jpg","width":240,"height":240,"filesize":14925,"mime_type":"image\/jpeg","source_url":"https:\/\/welterbewestwerkcorvey.de\/wp-content\/uploads\/P1660111-240x240.jpg"},"medium_large":{"file":"P1660111-768x542.jpg","width":768,"height":542,"filesize":74430,"mime_type":"image\/jpeg","source_url":"https:\/\/welterbewestwerkcorvey.de\/wp-content\/uploads\/P1660111-768x542.jpg"},"1536x1536":{"file":"P1660111-1536x1085.jpg","width":1536,"height":1085,"filesize":232828,"mime_type":"image\/jpeg","source_url":"https:\/\/welterbewestwerkcorvey.de\/wp-content\/uploads\/P1660111-1536x1085.jpg"},"2048x2048":{"file":"P1660111-2048x1446.jpg","width":2048,"height":1446,"filesize":387180,"mime_type":"image\/jpeg","source_url":"https:\/\/welterbewestwerkcorvey.de\/wp-content\/uploads\/P1660111-2048x1446.jpg"},"portfolio-thumb":{"file":"P1660111-600x403.jpg","width":600,"height":403,"filesize":48232,"mime_type":"image\/jpeg","source_url":"https:\/\/welterbewestwerkcorvey.de\/wp-content\/uploads\/P1660111-600x403.jpg"},"nectar_small_square":{"file":"P1660111-140x140.jpg","width":140,"height":140,"filesize":6477,"mime_type":"image\/jpeg","source_url":"https:\/\/welterbewestwerkcorvey.de\/wp-content\/uploads\/P1660111-140x140.jpg"},"portfolio-thumb_large":{"file":"P1660111-900x604.jpg","width":900,"height":604,"filesize":92555,"mime_type":"image\/jpeg","source_url":"https:\/\/welterbewestwerkcorvey.de\/wp-content\/uploads\/P1660111-900x604.jpg"},"portfolio-thumb_small":{"file":"P1660111-400x269.jpg","width":400,"height":269,"filesize":25155,"mime_type":"image\/jpeg","source_url":"https:\/\/welterbewestwerkcorvey.de\/wp-content\/uploads\/P1660111-400x269.jpg"},"portfolio-widget":{"file":"P1660111-100x100.jpg","width":100,"height":100,"filesize":3982,"mime_type":"image\/jpeg","source_url":"https:\/\/welterbewestwerkcorvey.de\/wp-content\/uploads\/P1660111-100x100.jpg"},"wide":{"file":"P1660111-1000x500.jpg","width":1000,"height":500,"filesize":82542,"mime_type":"image\/jpeg","source_url":"https:\/\/welterbewestwerkcorvey.de\/wp-content\/uploads\/P1660111-1000x500.jpg"},"wide_photography":{"file":"P1660111-900x600.jpg","width":900,"height":600,"filesize":92020,"mime_type":"image\/jpeg","source_url":"https:\/\/welterbewestwerkcorvey.de\/wp-content\/uploads\/P1660111-900x600.jpg"},"wide_small":{"file":"P1660111-670x335.jpg","width":670,"height":335,"filesize":43082,"mime_type":"image\/jpeg","source_url":"https:\/\/welterbewestwerkcorvey.de\/wp-content\/uploads\/P1660111-670x335.jpg"},"regular":{"file":"P1660111-500x500.jpg","width":500,"height":500,"filesize":49523,"mime_type":"image\/jpeg","source_url":"https:\/\/welterbewestwerkcorvey.de\/wp-content\/uploads\/P1660111-500x500.jpg"},"regular_small":{"file":"P1660111-350x350.jpg","width":350,"height":350,"filesize":27767,"mime_type":"image\/jpeg","source_url":"https:\/\/welterbewestwerkcorvey.de\/wp-content\/uploads\/P1660111-350x350.jpg"},"tall":{"file":"P1660111-500x1000.jpg","width":500,"height":1000,"filesize":92045,"mime_type":"image\/jpeg","source_url":"https:\/\/welterbewestwerkcorvey.de\/wp-content\/uploads\/P1660111-500x1000.jpg"},"wide_tall":{"file":"P1660111-1000x1000.jpg","width":1000,"height":1000,"filesize":152637,"mime_type":"image\/jpeg","source_url":"https:\/\/welterbewestwerkcorvey.de\/wp-content\/uploads\/P1660111-1000x1000.jpg"},"large_featured":{"file":"P1660111-1870x770.jpg","width":1870,"height":770,"filesize":193881,"mime_type":"image\/jpeg","source_url":"https:\/\/welterbewestwerkcorvey.de\/wp-content\/uploads\/P1660111-1870x770.jpg"},"medium_featured":{"file":"P1660111-800x800.jpg","width":800,"height":800,"filesize":105505,"mime_type":"image\/jpeg","source_url":"https:\/\/welterbewestwerkcorvey.de\/wp-content\/uploads\/P1660111-800x800.jpg"},"full":{"file":"P1660111-scaled.jpg","width":2560,"height":1808,"mime_type":"image\/jpeg","source_url":"https:\/\/welterbewestwerkcorvey.de\/wp-content\/uploads\/P1660111-scaled.jpg"}},"image_meta":{"aperture":"2.8","credit":"Kirchengemeinde Corvey","camera":"DMC-FZ1000","caption":"K\u00fcsterwechsel im Welterbe Corvey: Pfarrdechant Dr. Hans-Bernd Krismanek (von links), Nadine Fellmann, Matthias K\u00e4mpfer, Leonard Weskamp (alle Kirchenvorstand), Anne Quest, Johannes und Helga Gritzo, Marcus Beverungen (hinten, Verwaltungsleiter des Pastoralverbunds Corvey), Nicole Raabe (Gesamtpfarrgemeinderat), Rudolf Zimmermann (K\u00fcsterkollege), Georg Pietsch (Kirchenvorstand) und Josef Kowalski (ehemaliger gesch\u00e4ftsf\u00fchrender Vorsitzender des Kirchenvorstands).","created_timestamp":"1768127224","copyright":"","focal_length":"9.12","iso":"1600","shutter_speed":"0.066666666666667","title":"Corvey K\u00fcsterwechsel","orientation":"1","keywords":[]},"original_image":"P1660111.jpg"},"post":null,"source_url":"https:\/\/welterbewestwerkcorvey.de\/wp-content\/uploads\/P1660111-scaled.jpg","_links":{"self":[{"href":"https:\/\/welterbewestwerkcorvey.de\/fr\/wp-json\/wp\/v2\/media\/16918","targetHints":{"allow":["GET"]}}],"collection":[{"href":"https:\/\/welterbewestwerkcorvey.de\/fr\/wp-json\/wp\/v2\/media"}],"about":[{"href":"https:\/\/welterbewestwerkcorvey.de\/fr\/wp-json\/wp\/v2\/types\/attachment"}],"author":[{"embeddable":true,"href":"https:\/\/welterbewestwerkcorvey.de\/fr\/wp-json\/wp\/v2\/users\/4"}],"replies":[{"embeddable":true,"href":"https:\/\/welterbewestwerkcorvey.de\/fr\/wp-json\/wp\/v2\/comments?post=16918"}]}}