{"id":3240,"date":"2019-11-29T15:13:53","date_gmt":"2019-11-29T14:13:53","guid":{"rendered":"https:\/\/welterbewestwerkcorvey.de\/wp-content\/uploads\/A7R5482.jpg"},"modified":"2019-11-29T17:25:52","modified_gmt":"2019-11-29T16:25:52","slug":"_a7r5482","status":"inherit","type":"attachment","link":"https:\/\/welterbewestwerkcorvey.de\/en\/digital-macht-freude\/_a7r5482\/","title":{"rendered":"a7r5482"},"author":4,"featured_media":0,"comment_status":"closed","ping_status":"closed","template":"","meta":[],"class_list":["post-3240","attachment","type-attachment","status-inherit"],"yoast_head":"<!-- This site is optimized with the Yoast SEO plugin v27.5 - https:\/\/yoast.com\/product\/yoast-seo-wordpress\/ -->\n<title>a7r5482 - Welterbe Westwerk Corvey<\/title>\n<meta name=\"robots\" content=\"index, follow, max-snippet:-1, max-image-preview:large, max-video-preview:-1\" \/>\n<link rel=\"canonical\" href=\"https:\/\/welterbewestwerkcorvey.de\/en\/digital-macht-freude\/_a7r5482\/\" \/>\n<meta property=\"og:locale\" content=\"en_US\" \/>\n<meta property=\"og:type\" content=\"article\" \/>\n<meta property=\"og:title\" content=\"a7r5482 - Welterbe Westwerk Corvey\" \/>\n<meta property=\"og:description\" content=\"Dr. Tino Mager (von links, Vorstand Deutsches Nationalkomitee von ICOMOS), Dr. D\u00f6rthe Jakobs (Deutsches Nationalkomitee von ICOMOS, Stuttgart), Generalvikar Alfons Hardt, Professor Dr. Christoph Stiegemann (Leiter des wissenschaftlichen Kompetenzteams zur Erschlie\u00dfung des Westwerks in Corvey), Alexander Fischer (B\u00fcrgermeister H\u00f6xter), Carolin Kolhoff (Leiterin Fachbereich Welterbe, Deutsche UNESCO-Kommission), Dr. Uwe Koch (Deutsches Nationalkomitee f\u00fcr Denkmalschutz Berlin), Dr. Birgitta Ringbeck (Ausw\u00e4rtiges Amt, Koordinierungsstelle Welterbe) und Friedhelm Spieker (Landrat des Kreises H\u00f6xter) bei der Er\u00f6ffnung der Tagung. Fotos: Kalle Noltenhans\" \/>\n<meta property=\"og:url\" content=\"https:\/\/welterbewestwerkcorvey.de\/en\/digital-macht-freude\/_a7r5482\/\" \/>\n<meta property=\"og:site_name\" content=\"Welterbe Westwerk Corvey\" \/>\n<meta property=\"article:modified_time\" content=\"2019-11-29T16:25:52+00:00\" \/>\n<meta property=\"og:image\" content=\"https:\/\/welterbewestwerkcorvey.de\/wp-content\/uploads\/A7R5482.jpg\" \/>\n\t<meta property=\"og:image:width\" content=\"2560\" \/>\n\t<meta property=\"og:image:height\" content=\"1485\" \/>\n\t<meta property=\"og:image:type\" content=\"image\/jpeg\" \/>\n<meta name=\"twitter:card\" content=\"summary_large_image\" \/>\n<script type=\"application\/ld+json\" class=\"yoast-schema-graph\">{\"@context\":\"https:\\\/\\\/schema.org\",\"@graph\":[{\"@type\":\"WebPage\",\"@id\":\"https:\\\/\\\/welterbewestwerkcorvey.de\\\/en\\\/digital-macht-freude\\\/_a7r5482\\\/\",\"url\":\"https:\\\/\\\/welterbewestwerkcorvey.de\\\/en\\\/digital-macht-freude\\\/_a7r5482\\\/\",\"name\":\"a7r5482 - Welterbe Westwerk Corvey\",\"isPartOf\":{\"@id\":\"https:\\\/\\\/welterbewestwerkcorvey.de\\\/en\\\/#website\"},\"datePublished\":\"2019-11-29T14:13:53+00:00\",\"dateModified\":\"2019-11-29T16:25:52+00:00\",\"breadcrumb\":{\"@id\":\"https:\\\/\\\/welterbewestwerkcorvey.de\\\/en\\\/digital-macht-freude\\\/_a7r5482\\\/#breadcrumb\"},\"inLanguage\":\"en-US\",\"potentialAction\":[{\"@type\":\"ReadAction\",\"target\":[\"https:\\\/\\\/welterbewestwerkcorvey.de\\\/en\\\/digital-macht-freude\\\/_a7r5482\\\/\"]}]},{\"@type\":\"BreadcrumbList\",\"@id\":\"https:\\\/\\\/welterbewestwerkcorvey.de\\\/en\\\/digital-macht-freude\\\/_a7r5482\\\/#breadcrumb\",\"itemListElement\":[{\"@type\":\"ListItem\",\"position\":1,\"name\":\"Startseite\",\"item\":\"https:\\\/\\\/welterbewestwerkcorvey.de\\\/en\\\/\"},{\"@type\":\"ListItem\",\"position\":2,\"name\":\"\u201eDigital macht Freude\u201c\",\"item\":\"https:\\\/\\\/welterbewestwerkcorvey.de\\\/en\\\/digital-macht-freude\\\/\"},{\"@type\":\"ListItem\",\"position\":3,\"name\":\"a7r5482\"}]},{\"@type\":\"WebSite\",\"@id\":\"https:\\\/\\\/welterbewestwerkcorvey.de\\\/en\\\/#website\",\"url\":\"https:\\\/\\\/welterbewestwerkcorvey.de\\\/en\\\/\",\"name\":\"Welterbe Westwerk Corvey\",\"description\":\"Weltgeschichte am Weserbogen\",\"publisher\":{\"@id\":\"https:\\\/\\\/welterbewestwerkcorvey.de\\\/en\\\/#organization\"},\"potentialAction\":[{\"@type\":\"SearchAction\",\"target\":{\"@type\":\"EntryPoint\",\"urlTemplate\":\"https:\\\/\\\/welterbewestwerkcorvey.de\\\/en\\\/?s={search_term_string}\"},\"query-input\":{\"@type\":\"PropertyValueSpecification\",\"valueRequired\":true,\"valueName\":\"search_term_string\"}}],\"inLanguage\":\"en-US\"},{\"@type\":\"Organization\",\"@id\":\"https:\\\/\\\/welterbewestwerkcorvey.de\\\/en\\\/#organization\",\"name\":\"Pfarrverbund Corvey\",\"url\":\"https:\\\/\\\/welterbewestwerkcorvey.de\\\/en\\\/\",\"logo\":{\"@type\":\"ImageObject\",\"inLanguage\":\"en-US\",\"@id\":\"https:\\\/\\\/welterbewestwerkcorvey.de\\\/en\\\/#\\\/schema\\\/logo\\\/image\\\/\",\"url\":\"https:\\\/\\\/welterbewestwerkcorvey.de\\\/wp-content\\\/uploads\\\/signet-wwc-corvey-rgb-1.png\",\"contentUrl\":\"https:\\\/\\\/welterbewestwerkcorvey.de\\\/wp-content\\\/uploads\\\/signet-wwc-corvey-rgb-1.png\",\"width\":791,\"height\":1181,\"caption\":\"Pfarrverbund Corvey\"},\"image\":{\"@id\":\"https:\\\/\\\/welterbewestwerkcorvey.de\\\/en\\\/#\\\/schema\\\/logo\\\/image\\\/\"}}]}<\/script>\n<!-- \/ Yoast SEO plugin. -->","yoast_head_json":{"title":"a7r5482 - Welterbe Westwerk Corvey","robots":{"index":"index","follow":"follow","max-snippet":"max-snippet:-1","max-image-preview":"max-image-preview:large","max-video-preview":"max-video-preview:-1"},"canonical":"https:\/\/welterbewestwerkcorvey.de\/en\/digital-macht-freude\/_a7r5482\/","og_locale":"en_US","og_type":"article","og_title":"a7r5482 - Welterbe Westwerk Corvey","og_description":"Dr. Tino Mager (von links, Vorstand Deutsches Nationalkomitee von ICOMOS), Dr. D\u00f6rthe Jakobs (Deutsches Nationalkomitee von ICOMOS, Stuttgart), Generalvikar Alfons Hardt, Professor Dr. Christoph Stiegemann (Leiter des wissenschaftlichen Kompetenzteams zur Erschlie\u00dfung des Westwerks in Corvey), Alexander Fischer (B\u00fcrgermeister H\u00f6xter), Carolin Kolhoff (Leiterin Fachbereich Welterbe, Deutsche UNESCO-Kommission), Dr. Uwe Koch (Deutsches Nationalkomitee f\u00fcr Denkmalschutz Berlin), Dr. Birgitta Ringbeck (Ausw\u00e4rtiges Amt, Koordinierungsstelle Welterbe) und Friedhelm Spieker (Landrat des Kreises H\u00f6xter) bei der Er\u00f6ffnung der Tagung. Fotos: Kalle Noltenhans","og_url":"https:\/\/welterbewestwerkcorvey.de\/en\/digital-macht-freude\/_a7r5482\/","og_site_name":"Welterbe Westwerk Corvey","article_modified_time":"2019-11-29T16:25:52+00:00","og_image":[{"width":2560,"height":1485,"url":"https:\/\/welterbewestwerkcorvey.de\/wp-content\/uploads\/A7R5482.jpg","type":"image\/jpeg"}],"twitter_card":"summary_large_image","schema":{"@context":"https:\/\/schema.org","@graph":[{"@type":"WebPage","@id":"https:\/\/welterbewestwerkcorvey.de\/en\/digital-macht-freude\/_a7r5482\/","url":"https:\/\/welterbewestwerkcorvey.de\/en\/digital-macht-freude\/_a7r5482\/","name":"a7r5482 - Welterbe Westwerk Corvey","isPartOf":{"@id":"https:\/\/welterbewestwerkcorvey.de\/en\/#website"},"datePublished":"2019-11-29T14:13:53+00:00","dateModified":"2019-11-29T16:25:52+00:00","breadcrumb":{"@id":"https:\/\/welterbewestwerkcorvey.de\/en\/digital-macht-freude\/_a7r5482\/#breadcrumb"},"inLanguage":"en-US","potentialAction":[{"@type":"ReadAction","target":["https:\/\/welterbewestwerkcorvey.de\/en\/digital-macht-freude\/_a7r5482\/"]}]},{"@type":"BreadcrumbList","@id":"https:\/\/welterbewestwerkcorvey.de\/en\/digital-macht-freude\/_a7r5482\/#breadcrumb","itemListElement":[{"@type":"ListItem","position":1,"name":"Startseite","item":"https:\/\/welterbewestwerkcorvey.de\/en\/"},{"@type":"ListItem","position":2,"name":"\u201eDigital macht Freude\u201c","item":"https:\/\/welterbewestwerkcorvey.de\/en\/digital-macht-freude\/"},{"@type":"ListItem","position":3,"name":"a7r5482"}]},{"@type":"WebSite","@id":"https:\/\/welterbewestwerkcorvey.de\/en\/#website","url":"https:\/\/welterbewestwerkcorvey.de\/en\/","name":"Welterbe Westwerk Corvey","description":"Weltgeschichte am Weserbogen","publisher":{"@id":"https:\/\/welterbewestwerkcorvey.de\/en\/#organization"},"potentialAction":[{"@type":"SearchAction","target":{"@type":"EntryPoint","urlTemplate":"https:\/\/welterbewestwerkcorvey.de\/en\/?s={search_term_string}"},"query-input":{"@type":"PropertyValueSpecification","valueRequired":true,"valueName":"search_term_string"}}],"inLanguage":"en-US"},{"@type":"Organization","@id":"https:\/\/welterbewestwerkcorvey.de\/en\/#organization","name":"Pfarrverbund Corvey","url":"https:\/\/welterbewestwerkcorvey.de\/en\/","logo":{"@type":"ImageObject","inLanguage":"en-US","@id":"https:\/\/welterbewestwerkcorvey.de\/en\/#\/schema\/logo\/image\/","url":"https:\/\/welterbewestwerkcorvey.de\/wp-content\/uploads\/signet-wwc-corvey-rgb-1.png","contentUrl":"https:\/\/welterbewestwerkcorvey.de\/wp-content\/uploads\/signet-wwc-corvey-rgb-1.png","width":791,"height":1181,"caption":"Pfarrverbund Corvey"},"image":{"@id":"https:\/\/welterbewestwerkcorvey.de\/en\/#\/schema\/logo\/image\/"}}]}},"smush":"Not processed","description":{"rendered":"<p class=\"attachment\"><a href=\"https:\/\/welterbewestwerkcorvey.de\/wp-content\/uploads\/A7R5482.jpg\" rel=\"prettyPhoto[gallery-L6Gv]\"><img loading=\"lazy\" decoding=\"async\" width=\"360\" height=\"209\" src=\"https:\/\/welterbewestwerkcorvey.de\/wp-content\/uploads\/A7R5482-360x209.jpg\" class=\"attachment-medium size-medium\" alt=\"\" srcset=\"https:\/\/welterbewestwerkcorvey.de\/wp-content\/uploads\/A7R5482-360x209.jpg 360w, https:\/\/welterbewestwerkcorvey.de\/wp-content\/uploads\/A7R5482-768x446.jpg 768w, https:\/\/welterbewestwerkcorvey.de\/wp-content\/uploads\/A7R5482-720x418.jpg 720w\" sizes=\"auto, (max-width: 360px) 100vw, 360px\" \/><\/a><\/p>\n<p>Internationale Tagung &#8220;Neue Technologien zur Vermittlung von Welterbe (Foto Kalle Noltenhans)<\/p>\n"},"caption":{"rendered":"<p>Dr. Tino Mager (von links, Vorstand Deutsches Nationalkomitee von ICOMOS), Dr. D\u00f6rthe Jakobs (Deutsches Nationalkomitee von ICOMOS, Stuttgart), Generalvikar Alfons Hardt, Professor Dr. Christoph Stiegemann (Leiter des wissenschaftlichen Kompetenzteams zur Erschlie\u00dfung des Westwerks in Corvey), Alexander Fischer (B\u00fcrgermeister H\u00f6xter), Carolin Kolhoff (Leiterin Fachbereich Welterbe, Deutsche UNESCO-Kommission), Dr. Uwe Koch (Deutsches Nationalkomitee f\u00fcr Denkmalschutz Berlin), Dr. Birgitta Ringbeck (Ausw\u00e4rtiges Amt, Koordinierungsstelle Welterbe) und Friedhelm Spieker (Landrat des Kreises H\u00f6xter) bei der Er\u00f6ffnung der Tagung. Fotos: Kalle Noltenhans<\/p>\n"},"alt_text":"","media_type":"image","mime_type":"image\/jpeg","media_details":{"width":2560,"height":1485,"file":"A7R5482.jpg","sizes":{"thumbnail":{"file":"A7R5482-180x180.jpg","width":180,"height":180,"mime_type":"image\/jpeg","source_url":"https:\/\/welterbewestwerkcorvey.de\/wp-content\/uploads\/A7R5482-180x180.jpg"},"medium":{"file":"A7R5482-360x209.jpg","width":360,"height":209,"mime_type":"image\/jpeg","source_url":"https:\/\/welterbewestwerkcorvey.de\/wp-content\/uploads\/A7R5482-360x209.jpg"},"medium_large":{"file":"A7R5482-768x446.jpg","width":768,"height":446,"mime_type":"image\/jpeg","source_url":"https:\/\/welterbewestwerkcorvey.de\/wp-content\/uploads\/A7R5482-768x446.jpg"},"large":{"file":"A7R5482-720x418.jpg","width":720,"height":418,"mime_type":"image\/jpeg","source_url":"https:\/\/welterbewestwerkcorvey.de\/wp-content\/uploads\/A7R5482-720x418.jpg"},"portfolio-thumb_large":{"file":"A7R5482-900x604.jpg","width":900,"height":604,"mime_type":"image\/jpeg","source_url":"https:\/\/welterbewestwerkcorvey.de\/wp-content\/uploads\/A7R5482-900x604.jpg"},"portfolio-thumb":{"file":"A7R5482-600x403.jpg","width":600,"height":403,"mime_type":"image\/jpeg","source_url":"https:\/\/welterbewestwerkcorvey.de\/wp-content\/uploads\/A7R5482-600x403.jpg"},"portfolio-thumb_small":{"file":"A7R5482-400x269.jpg","width":400,"height":269,"mime_type":"image\/jpeg","source_url":"https:\/\/welterbewestwerkcorvey.de\/wp-content\/uploads\/A7R5482-400x269.jpg"},"portfolio-widget":{"file":"A7R5482-100x100.jpg","width":100,"height":100,"mime_type":"image\/jpeg","source_url":"https:\/\/welterbewestwerkcorvey.de\/wp-content\/uploads\/A7R5482-100x100.jpg"},"nectar_small_square":{"file":"A7R5482-140x140.jpg","width":140,"height":140,"mime_type":"image\/jpeg","source_url":"https:\/\/welterbewestwerkcorvey.de\/wp-content\/uploads\/A7R5482-140x140.jpg"},"wide":{"file":"A7R5482-1000x500.jpg","width":1000,"height":500,"mime_type":"image\/jpeg","source_url":"https:\/\/welterbewestwerkcorvey.de\/wp-content\/uploads\/A7R5482-1000x500.jpg"},"wide_small":{"file":"A7R5482-670x335.jpg","width":670,"height":335,"mime_type":"image\/jpeg","source_url":"https:\/\/welterbewestwerkcorvey.de\/wp-content\/uploads\/A7R5482-670x335.jpg"},"regular":{"file":"A7R5482-500x500.jpg","width":500,"height":500,"mime_type":"image\/jpeg","source_url":"https:\/\/welterbewestwerkcorvey.de\/wp-content\/uploads\/A7R5482-500x500.jpg"},"regular_small":{"file":"A7R5482-350x350.jpg","width":350,"height":350,"mime_type":"image\/jpeg","source_url":"https:\/\/welterbewestwerkcorvey.de\/wp-content\/uploads\/A7R5482-350x350.jpg"},"tall":{"file":"A7R5482-500x1000.jpg","width":500,"height":1000,"mime_type":"image\/jpeg","source_url":"https:\/\/welterbewestwerkcorvey.de\/wp-content\/uploads\/A7R5482-500x1000.jpg"},"wide_tall":{"file":"A7R5482-1000x1000.jpg","width":1000,"height":1000,"mime_type":"image\/jpeg","source_url":"https:\/\/welterbewestwerkcorvey.de\/wp-content\/uploads\/A7R5482-1000x1000.jpg"},"wide_photography":{"file":"A7R5482-900x600.jpg","width":900,"height":600,"mime_type":"image\/jpeg","source_url":"https:\/\/welterbewestwerkcorvey.de\/wp-content\/uploads\/A7R5482-900x600.jpg"},"large_featured":{"file":"A7R5482-1700x700.jpg","width":1700,"height":700,"mime_type":"image\/jpeg","source_url":"https:\/\/welterbewestwerkcorvey.de\/wp-content\/uploads\/A7R5482-1700x700.jpg"},"medium_featured":{"file":"A7R5482-800x800.jpg","width":800,"height":800,"mime_type":"image\/jpeg","source_url":"https:\/\/welterbewestwerkcorvey.de\/wp-content\/uploads\/A7R5482-800x800.jpg"},"full":{"file":"A7R5482.jpg","width":2560,"height":1485,"mime_type":"image\/jpeg","source_url":"https:\/\/welterbewestwerkcorvey.de\/wp-content\/uploads\/A7R5482.jpg"}},"image_meta":{"aperture":"4","credit":"noltenhans onebreaker.de","camera":"ILCE-7RM3","caption":"","created_timestamp":"1574672254","copyright":"noltenhans paderborn","focal_length":"18","iso":"2500","shutter_speed":"0.016666666666667","title":"","orientation":"1","keywords":[]}},"post":3238,"source_url":"https:\/\/welterbewestwerkcorvey.de\/wp-content\/uploads\/A7R5482.jpg","_links":{"self":[{"href":"https:\/\/welterbewestwerkcorvey.de\/en\/wp-json\/wp\/v2\/media\/3240","targetHints":{"allow":["GET"]}}],"collection":[{"href":"https:\/\/welterbewestwerkcorvey.de\/en\/wp-json\/wp\/v2\/media"}],"about":[{"href":"https:\/\/welterbewestwerkcorvey.de\/en\/wp-json\/wp\/v2\/types\/attachment"}],"author":[{"embeddable":true,"href":"https:\/\/welterbewestwerkcorvey.de\/en\/wp-json\/wp\/v2\/users\/4"}],"replies":[{"embeddable":true,"href":"https:\/\/welterbewestwerkcorvey.de\/en\/wp-json\/wp\/v2\/comments?post=3240"}],"wp:attached-to":[{"embeddable":true,"post_type":"post","id":3238,"href":"https:\/\/welterbewestwerkcorvey.de\/en\/wp-json\/wp\/v2\/posts\/3238"}],"curies":[{"name":"wp","href":"https:\/\/api.w.org\/{rel}","templated":true}]}}